{"id":133,"date":"2021-10-18T10:30:08","date_gmt":"2021-10-18T13:30:08","guid":{"rendered":"https:\/\/zuccardiq.zuccardiwines.com\/?page_id=133"},"modified":"2021-11-24T14:13:53","modified_gmt":"2021-11-24T17:13:53","slug":"home","status":"publish","type":"page","link":"https:\/\/zuccardiq.zuccardiwines.com\/es\/","title":{"rendered":"Home"},"content":{"rendered":"[vc_row type=\u00bbfull_width_background\u00bb full_screen_row_position=\u00bbmiddle\u00bb column_margin=\u00bbdefault\u00bb column_direction=\u00bbdefault\u00bb column_direction_tablet=\u00bbdefault\u00bb column_direction_phone=\u00bbdefault\u00bb bg_image=\u00bb9&#8243; bg_position=\u00bbleft top\u00bb background_image_loading=\u00bbdefault\u00bb bg_repeat=\u00bbno-repeat\u00bb scene_position=\u00bbcenter\u00bb mouse_sensitivity=\u00bb25&#8243; layer_one_image=\u00bb71&#8243; layer_two_image=\u00bb73&#8243; layer_three_image=\u00bb72&#8243; top_padding=\u00bb80&#8243; bottom_padding=\u00bb150&#8243; text_color=\u00bblight\u00bb text_align=\u00bbleft\u00bb row_border_radius=\u00bbnone\u00bb row_border_radius_applies=\u00bbbg\u00bb overlay_strength=\u00bb0.3&#8243; gradient_direction=\u00bbleft_to_right\u00bb shape_divider_position=\u00bbbottom\u00bb bg_image_animation=\u00bbzoom-out-slow\u00bb parallax_bg=\u00bbtrue\u00bb parallax_bg_speed=\u00bbfixed\u00bb shape_type=\u00bb\u00bb][vc_column column_padding=\u00bbno-extra-padding\u00bb column_padding_tablet=\u00bbinherit\u00bb column_padding_phone=\u00bbinherit\u00bb column_padding_position=\u00bball\u00bb column_element_spacing=\u00bbdefault\u00bb background_color_opacity=\u00bb1&#8243; background_hover_color_opacity=\u00bb1&#8243; column_shadow=\u00bbnone\u00bb column_border_radius=\u00bbnone\u00bb column_link_target=\u00bb_self\u00bb gradient_direction=\u00bbleft_to_right\u00bb overlay_strength=\u00bb0.3&#8243; width=\u00bb1\/1&#8243; tablet_width_inherit=\u00bbdefault\u00bb tablet_text_alignment=\u00bbdefault\u00bb phone_text_alignment=\u00bbdefault\u00bb bg_image_animation=\u00bbnone\u00bb border_type=\u00bbsimple\u00bb column_border_width=\u00bbnone\u00bb column_border_style=\u00bbsolid\u00bb][divider line_type=\u00bbNo Line\u00bb custom_height=\u00bb120&#8243; custom_height_tablet=\u00bb0&#8243; custom_height_phone=\u00bb0&#8243;][vc_row_inner column_margin=\u00bbdefault\u00bb column_direction=\u00bbdefault\u00bb column_direction_tablet=\u00bbdefault\u00bb column_direction_phone=\u00bbdefault\u00bb text_align=\u00bbleft\u00bb][vc_column_inner column_padding=\u00bbno-extra-padding\u00bb column_padding_tablet=\u00bbinherit\u00bb column_padding_phone=\u00bbinherit\u00bb column_padding_position=\u00bball\u00bb column_element_spacing=\u00bbdefault\u00bb centered_text=\u00bbtrue\u00bb background_color_opacity=\u00bb1&#8243; background_hover_color_opacity=\u00bb1&#8243; column_shadow=\u00bbnone\u00bb column_border_radius=\u00bbnone\u00bb column_link_target=\u00bb_self\u00bb gradient_direction=\u00bbleft_to_right\u00bb overlay_strength=\u00bb0.3&#8243; width=\u00bb1\/1&#8243; tablet_width_inherit=\u00bbdefault\u00bb bg_image_animation=\u00bbnone\u00bb border_type=\u00bbsimple\u00bb column_border_width=\u00bbnone\u00bb column_border_style=\u00bbsolid\u00bb][image_with_animation image_url=\u00bb22&#8243; animation=\u00bbGrow In\u00bb hover_animation=\u00bbnone\u00bb alignment=\u00bbcenter\u00bb border_radius=\u00bbnone\u00bb box_shadow=\u00bbnone\u00bb image_loading=\u00bbdefault\u00bb max_width=\u00bb50%\u00bb max_width_mobile=\u00bb110%\u00bb margin_left_phone=\u00bb10&#8243; margin_right_phone=\u00bb10&#8243;][vc_column_text css_animation=\u00bbtop-to-bottom\u00bb css=\u00bb.vc_custom_1637242287485{padding-top: 70px !important;padding-bottom: 70px !important;}\u00bb max_width=\u00bb740&#8243;]\n<h3 style=\"text-align: center;\"><span style=\"color: #c6bcce;\">ZUCCARDI Q ES UN VINO QUE SIMBOLIZA A NUESTRA FAMILIA Y REPRESENTA EL TRABAJO DE TRES GENERACIONES LIGADAS A LA TIERRA.<\/span><\/h3>\n<h3 style=\"text-align: center;\"><span style=\"color: #c6bcce;\">ELABORADO A PARTIR DE LA SELECCI\u00d3N DE UVAS PROCEDENTES DE NUESTROS VI\u00d1EDOS EN LAS MEJORES REGIONES DE MENDOZA; CADA PARCELA ES COSECHADA POR SEPARADO Y EN DIFERENTES MOMENTOS, CON EL FIN DE LOGRAR LA MEJOR EXPRESI\u00d3N VARIETAL EN CADA LUGAR.<\/span><\/h3>\n[\/vc_column_text][nectar_video_lightbox link_style=\u00bbplay_button_2&#8243; nectar_play_button_color=\u00bbDefault-Accent-Color\u00bb image_url=\u00bb39&#8243; hover_effect=\u00bbdefaut\u00bb box_shadow=\u00bblarge_depth\u00bb border_radius=\u00bb20px\u00bb play_button_size=\u00bbdefault\u00bb video_url=\u00bbhttps:\/\/youtu.be\/T0JHDBPd2xE\u00bb][\/vc_column_inner][\/vc_row_inner][divider line_type=\u00bbNo Line\u00bb custom_height=\u00bb100&#8243;][tabbed_section style=\u00bbvertical_scrolling\u00bb tab_color=\u00bbAccent-Color\u00bb vs_navigation_width=\u00bbnarrow\u00bb vs_navigation_spacing=\u00bb30px\u00bb vs_navigation_mobile_display=\u00bbvisible\u00bb vs_tab_spacing=\u00bb10%\u00bb vs_tab_tag=\u00bbh3&#8243;][tab icon_family=\u00bbnone\u00bb title=\u00bbCHARDONNAY\u00bb id=\u00bb1637774002801-5&#8243; tab_id=\u00bb1637774002802-1&#8243;][vc_row_inner equal_height=\u00bbyes\u00bb content_placement=\u00bbmiddle\u00bb column_margin=\u00bbdefault\u00bb column_direction=\u00bbdefault\u00bb column_direction_tablet=\u00bbdefault\u00bb column_direction_phone=\u00bbdefault\u00bb text_align=\u00bbleft\u00bb][vc_column_inner column_padding=\u00bbno-extra-padding\u00bb column_padding_tablet=\u00bbinherit\u00bb column_padding_phone=\u00bbinherit\u00bb column_padding_position=\u00bball\u00bb column_element_spacing=\u00bbdefault\u00bb background_color_opacity=\u00bb1&#8243; background_hover_color_opacity=\u00bb1&#8243; column_shadow=\u00bbnone\u00bb column_border_radius=\u00bbnone\u00bb column_link_target=\u00bb_self\u00bb gradient_direction=\u00bbleft_to_right\u00bb overlay_strength=\u00bb0.3&#8243; width=\u00bb1\/3&#8243; tablet_width_inherit=\u00bbdefault\u00bb bg_image_animation=\u00bbnone\u00bb border_type=\u00bbsimple\u00bb column_border_width=\u00bbnone\u00bb column_border_style=\u00bbsolid\u00bb][image_with_animation image_url=\u00bb69&#8243; animation=\u00bbFade In From Bottom\u00bb hover_animation=\u00bbnone\u00bb alignment=\u00bbcenter\u00bb border_radius=\u00bbnone\u00bb box_shadow=\u00bbnone\u00bb image_loading=\u00bbdefault\u00bb max_width=\u00bb75%\u00bb max_width_mobile=\u00bbdefault\u00bb][\/vc_column_inner][vc_column_inner column_padding=\u00bbno-extra-padding\u00bb column_padding_tablet=\u00bbinherit\u00bb column_padding_phone=\u00bbinherit\u00bb column_padding_position=\u00bball\u00bb column_element_spacing=\u00bbdefault\u00bb background_color_opacity=\u00bb1&#8243; background_hover_color_opacity=\u00bb1&#8243; column_shadow=\u00bbnone\u00bb column_border_radius=\u00bbnone\u00bb column_link_target=\u00bb_self\u00bb gradient_direction=\u00bbleft_to_right\u00bb overlay_strength=\u00bb0.3&#8243; width=\u00bb2\/3&#8243; tablet_width_inherit=\u00bbdefault\u00bb bg_image_animation=\u00bbro-reveal-from-top\u00bb border_type=\u00bbsimple\u00bb column_border_width=\u00bbnone\u00bb column_border_style=\u00bbsolid\u00bb][nectar_gradient_text heading_tag=\u00bbh2&#8243; color=\u00bbextra-color-gradient-1&#8243; gradient_direction=\u00bbhorizontal\u00bb text=\u00bbTEMPRANILLO\u00bb margin_bottom=\u00bb22&#8243;][vc_column_text]\n<h3><em><span style=\"color: #ffffff;\">Zuccardi Q proviene de una selecci\u00f3n de vi\u00f1edos y parcelas de las regiones vitivin\u00edcolas m\u00e1s destacadas de Mendoza.<\/span><\/em><\/h3>\n<h4><span style=\"color: #ffffff;\">Hoy, la tercera generaci\u00f3n de la familia contin\u00faa elaborando este Chardonnay con uvas procedentes de Gualtallary (1350 msnm) y El Peral (1200 msnm), en el Valle de Uco; un lugar \u00fanico por su cercan\u00eda a la Cordillera de los Andes.<\/span><\/h4>\n<h4><span style=\"color: #ffffff;\">Posee un color amarillo verdoso y aromas a c\u00edtricos y fruta blanca fresca. En la boca resalta su frescura muy vivaz y un paso elegante con final c\u00edtrico. Puede disfrutarse ahora o guardarse algunos a\u00f1os m\u00e1s.<\/span><\/h4>\n[\/vc_column_text][nectar_btn size=\u00bbmedium\u00bb open_new_tab=\u00bbtrue\u00bb button_style=\u00bbsee-through-2&#8243; color_override=\u00bb#eaeaea\u00bb hover_color_override=\u00bbrgba(178,165,188,0.33)\u00bb hover_text_color_override=\u00bb#ffffff\u00bb icon_family=\u00bbiconsmind\u00bb text=\u00bbFICHA T\u00c9CNICA\u00bb margin_top=\u00bb40&#8243; css_animation=\u00bbfadeInDown\u00bb icon_iconsmind=\u00bbiconsmind-Project\u00bb url=\u00bbhttps:\/\/zuccardiq.zuccardiwines.com\/wp-content\/uploads\/2021\/11\/FT-Q-CHARDONNAY-2020-ESP-FINAL.pdf\u00bb][\/vc_column_inner][\/vc_row_inner][\/tab][tab icon_family=\u00bbnone\u00bb title=\u00bbMALBEC\u00bb id=\u00bb1637774002878-7&#8243; tab_id=\u00bb1637774002878-3&#8243;][vc_row_inner equal_height=\u00bbyes\u00bb content_placement=\u00bbmiddle\u00bb column_margin=\u00bbdefault\u00bb column_direction=\u00bbdefault\u00bb column_direction_tablet=\u00bbdefault\u00bb column_direction_phone=\u00bbdefault\u00bb text_align=\u00bbleft\u00bb][vc_column_inner column_padding=\u00bbno-extra-padding\u00bb column_padding_tablet=\u00bbinherit\u00bb column_padding_phone=\u00bbinherit\u00bb column_padding_position=\u00bball\u00bb column_element_spacing=\u00bbdefault\u00bb background_color_opacity=\u00bb1&#8243; background_hover_color_opacity=\u00bb1&#8243; column_shadow=\u00bbnone\u00bb column_border_radius=\u00bbnone\u00bb column_link_target=\u00bb_self\u00bb gradient_direction=\u00bbleft_to_right\u00bb overlay_strength=\u00bb0.3&#8243; width=\u00bb1\/3&#8243; tablet_width_inherit=\u00bbdefault\u00bb bg_image_animation=\u00bbnone\u00bb border_type=\u00bbsimple\u00bb column_border_width=\u00bbnone\u00bb column_border_style=\u00bbsolid\u00bb][image_with_animation image_url=\u00bb54&#8243; animation=\u00bbFade In From Bottom\u00bb hover_animation=\u00bbnone\u00bb alignment=\u00bbcenter\u00bb border_radius=\u00bbnone\u00bb box_shadow=\u00bbnone\u00bb image_loading=\u00bbdefault\u00bb max_width=\u00bb75%\u00bb max_width_mobile=\u00bbdefault\u00bb][\/vc_column_inner][vc_column_inner column_padding=\u00bbno-extra-padding\u00bb column_padding_tablet=\u00bbinherit\u00bb column_padding_phone=\u00bbinherit\u00bb column_padding_position=\u00bball\u00bb column_element_spacing=\u00bbdefault\u00bb background_color_opacity=\u00bb1&#8243; background_hover_color_opacity=\u00bb1&#8243; column_shadow=\u00bbnone\u00bb column_border_radius=\u00bbnone\u00bb column_link_target=\u00bb_self\u00bb gradient_direction=\u00bbleft_to_right\u00bb overlay_strength=\u00bb0.3&#8243; width=\u00bb2\/3&#8243; tablet_width_inherit=\u00bbdefault\u00bb bg_image_animation=\u00bbro-reveal-from-top\u00bb border_type=\u00bbsimple\u00bb column_border_width=\u00bbnone\u00bb column_border_style=\u00bbsolid\u00bb][nectar_gradient_text heading_tag=\u00bbh2&#8243; color=\u00bbextra-color-gradient-1&#8243; gradient_direction=\u00bbhorizontal\u00bb text=\u00bbMALBEC\u00bb margin_bottom=\u00bb22&#8243;][vc_column_text]\n<h2 style=\"text-align: left;\"><\/h2>\n<h3 style=\"text-align: left;\"><em><span style=\"color: #ffffff;\">Zuccardi Q proviene de una selecci\u00f3n de vi\u00f1edos y parcelas de las regiones vitivin\u00edcolas m\u00e1s destacadas de Mendoza.<\/span><\/em><\/h3>\n<h4 style=\"text-align: left;\"><span style=\"color: #ffffff;\">Hoy, la tercera generaci\u00f3n de la familia contin\u00faa elaborando este Malbec con uvas procedentes de Paraje Altamira (1100 msnm) y Los Chacayes (1120 msnm), en el Valle de Uco; un lugar \u00fanico por su cercan\u00eda a la Cordillera de los Andes.<\/span><\/h4>\n<h4 style=\"text-align: left;\"><span style=\"color: #ffffff;\">Posee un color violeta profundo y taninos jugosos, con aromas a fruta roja fresca, hierbas y notas especiadas. Puede disfrutarse ahora o lograr una guarda por m\u00e1s de 10 a\u00f1os.<\/span><\/h4>\n[\/vc_column_text][nectar_btn size=\u00bbmedium\u00bb open_new_tab=\u00bbtrue\u00bb button_style=\u00bbsee-through-2&#8243; color_override=\u00bb#eaeaea\u00bb hover_color_override=\u00bbrgba(178,165,188,0.33)\u00bb hover_text_color_override=\u00bb#ffffff\u00bb icon_family=\u00bbiconsmind\u00bb text=\u00bbFICHA T\u00c9CNICA\u00bb margin_top=\u00bb40&#8243; css_animation=\u00bbfadeInDown\u00bb icon_iconsmind=\u00bbiconsmind-Project\u00bb url=\u00bbhttps:\/\/zuccardiq.zuccardiwines.com\/wp-content\/uploads\/2021\/11\/FT-Q-MALBEC-2020-ESP-FINAL-1.pdf\u00bb][\/vc_column_inner][\/vc_row_inner][\/tab][tab icon_family=\u00bbnone\u00bb title=\u00bbCABERNET FRANC\u00bb id=\u00bb1637774002952-10&#8243; tab_id=\u00bb1637774002953-0&#8243;][vc_row_inner equal_height=\u00bbyes\u00bb content_placement=\u00bbmiddle\u00bb column_margin=\u00bbdefault\u00bb column_direction=\u00bbdefault\u00bb column_direction_tablet=\u00bbdefault\u00bb column_direction_phone=\u00bbdefault\u00bb text_align=\u00bbleft\u00bb][vc_column_inner column_padding=\u00bbno-extra-padding\u00bb column_padding_tablet=\u00bbinherit\u00bb column_padding_phone=\u00bbinherit\u00bb column_padding_position=\u00bball\u00bb column_element_spacing=\u00bbdefault\u00bb background_color_opacity=\u00bb1&#8243; background_hover_color_opacity=\u00bb1&#8243; column_shadow=\u00bbnone\u00bb column_border_radius=\u00bbnone\u00bb column_link_target=\u00bb_self\u00bb gradient_direction=\u00bbleft_to_right\u00bb overlay_strength=\u00bb0.3&#8243; width=\u00bb1\/3&#8243; tablet_width_inherit=\u00bbdefault\u00bb bg_image_animation=\u00bbnone\u00bb border_type=\u00bbsimple\u00bb column_border_width=\u00bbnone\u00bb column_border_style=\u00bbsolid\u00bb][image_with_animation image_url=\u00bb64&#8243; animation=\u00bbFade In From Bottom\u00bb hover_animation=\u00bbnone\u00bb alignment=\u00bbcenter\u00bb border_radius=\u00bbnone\u00bb box_shadow=\u00bbnone\u00bb image_loading=\u00bbdefault\u00bb max_width=\u00bb75%\u00bb max_width_mobile=\u00bbdefault\u00bb][\/vc_column_inner][vc_column_inner column_padding=\u00bbno-extra-padding\u00bb column_padding_tablet=\u00bbinherit\u00bb column_padding_phone=\u00bbinherit\u00bb column_padding_position=\u00bball\u00bb column_element_spacing=\u00bbdefault\u00bb background_color_opacity=\u00bb1&#8243; background_hover_color_opacity=\u00bb1&#8243; column_shadow=\u00bbnone\u00bb column_border_radius=\u00bbnone\u00bb column_link_target=\u00bb_self\u00bb gradient_direction=\u00bbleft_to_right\u00bb overlay_strength=\u00bb0.3&#8243; width=\u00bb2\/3&#8243; tablet_width_inherit=\u00bbdefault\u00bb bg_image_animation=\u00bbro-reveal-from-top\u00bb border_type=\u00bbsimple\u00bb column_border_width=\u00bbnone\u00bb column_border_style=\u00bbsolid\u00bb][nectar_gradient_text heading_tag=\u00bbh2&#8243; color=\u00bbextra-color-gradient-1&#8243; gradient_direction=\u00bbhorizontal\u00bb text=\u00bbCABERNET FRANC\u00bb margin_bottom=\u00bb22&#8243;][vc_column_text]\n<h3><em><span style=\"color: #ffffff;\">Zuccardi Q proviene de una selecci\u00f3n de vi\u00f1edos y parcelas de las regiones vitivin\u00edcolas m\u00e1s destacadas de Mendoza.<\/span><\/em><\/h3>\n<h4><span style=\"color: #ffffff;\">Hoy, la tercera generaci\u00f3n de la familia contin\u00faa elaborando este Cabernet Franc con uvas procedentes de Paraje Altamira (1100 msnm) y San Pablo (1400 msnm), en el Valle de Uco; un lugar \u00fanico por su cercan\u00eda a la Cordillera de los Andes.<\/span><\/h4>\n<p>De color rojo viol\u00e1ceo intenso, con aromas a hierbas y fruta roja fresca. Taninos firmes y elegantes en armon\u00eda con la acidez. Puede disfrutarse ahora o guardarse por m\u00e1s de 10 a\u00f1os.<\/p>\n<h4><\/h4>\n[\/vc_column_text][nectar_btn size=\u00bbmedium\u00bb open_new_tab=\u00bbtrue\u00bb button_style=\u00bbsee-through-2&#8243; color_override=\u00bb#eaeaea\u00bb hover_color_override=\u00bbrgba(178,165,188,0.33)\u00bb hover_text_color_override=\u00bb#ffffff\u00bb icon_family=\u00bbiconsmind\u00bb text=\u00bbFICHA T\u00c9CNICA\u00bb margin_top=\u00bb40&#8243; css_animation=\u00bbfadeInDown\u00bb icon_iconsmind=\u00bbiconsmind-Project\u00bb url=\u00bbhttps:\/\/zuccardiq.zuccardiwines.com\/wp-content\/uploads\/2021\/11\/FT-Q-CABERNET-FRANC-2020-ESP-FINAL-1.pdf\u00bb][\/vc_column_inner][\/vc_row_inner][\/tab][tab icon_family=\u00bbnone\u00bb title=\u00bbCABERNET SAUVIGNON\u00bb id=\u00bb1637774003025-2&#8243; tab_id=\u00bb1637774003026-10&#8243;][vc_row_inner equal_height=\u00bbyes\u00bb content_placement=\u00bbmiddle\u00bb column_margin=\u00bbdefault\u00bb column_direction=\u00bbdefault\u00bb column_direction_tablet=\u00bbdefault\u00bb column_direction_phone=\u00bbdefault\u00bb text_align=\u00bbleft\u00bb][vc_column_inner column_padding=\u00bbno-extra-padding\u00bb column_padding_tablet=\u00bbinherit\u00bb column_padding_phone=\u00bbinherit\u00bb column_padding_position=\u00bball\u00bb column_element_spacing=\u00bbdefault\u00bb background_color_opacity=\u00bb1&#8243; background_hover_color_opacity=\u00bb1&#8243; column_shadow=\u00bbnone\u00bb column_border_radius=\u00bbnone\u00bb column_link_target=\u00bb_self\u00bb gradient_direction=\u00bbleft_to_right\u00bb overlay_strength=\u00bb0.3&#8243; width=\u00bb1\/3&#8243; tablet_width_inherit=\u00bbdefault\u00bb bg_image_animation=\u00bbnone\u00bb border_type=\u00bbsimple\u00bb column_border_width=\u00bbnone\u00bb column_border_style=\u00bbsolid\u00bb][image_with_animation image_url=\u00bb61&#8243; animation=\u00bbFade In From Bottom\u00bb hover_animation=\u00bbnone\u00bb alignment=\u00bbcenter\u00bb border_radius=\u00bbnone\u00bb box_shadow=\u00bbnone\u00bb image_loading=\u00bbdefault\u00bb max_width=\u00bb75%\u00bb max_width_mobile=\u00bbdefault\u00bb][\/vc_column_inner][vc_column_inner column_padding=\u00bbno-extra-padding\u00bb column_padding_tablet=\u00bbinherit\u00bb column_padding_phone=\u00bbinherit\u00bb column_padding_position=\u00bball\u00bb column_element_spacing=\u00bbdefault\u00bb background_color_opacity=\u00bb1&#8243; background_hover_color_opacity=\u00bb1&#8243; column_shadow=\u00bbnone\u00bb column_border_radius=\u00bbnone\u00bb column_link_target=\u00bb_self\u00bb gradient_direction=\u00bbleft_to_right\u00bb overlay_strength=\u00bb0.3&#8243; width=\u00bb2\/3&#8243; tablet_width_inherit=\u00bbdefault\u00bb bg_image_animation=\u00bbro-reveal-from-top\u00bb border_type=\u00bbsimple\u00bb column_border_width=\u00bbnone\u00bb column_border_style=\u00bbsolid\u00bb][nectar_gradient_text heading_tag=\u00bbh2&#8243; color=\u00bbextra-color-gradient-1&#8243; gradient_direction=\u00bbhorizontal\u00bb text=\u00bbCABERNET SAUVIGNON\u00bb margin_bottom=\u00bb22&#8243;][vc_column_text]\n<h3><em><span style=\"color: #ffffff;\">Zuccardi Q proviene de una selecci\u00f3n de vi\u00f1edos y parcelas de las regiones vitivin\u00edcolas m\u00e1s destacadas de Mendoza.<\/span><\/em><\/h3>\n<h4><span style=\"color: #ffffff;\">Hoy, la tercera generaci\u00f3n de la familia contin\u00faa elaborando este Cabernet Sauvignon con uvas procedentes de La Consulta (990 msnm) y Gualtallary (1250 msnm) , en el Valle de Uco; un lugar \u00fanico por su cercan\u00eda a la Cordillera de los Andes.<\/span><\/h4>\n<h4><span style=\"color: #ffffff;\">De color rojo rub\u00ed intenso. Predominan aromas a fruta negra y hierbas. De taninos firmes y gran estructura. Puede disfrutarse ahora o guardarse por m\u00e1s de 10 a\u00f1os.<\/span><\/h4>\n[\/vc_column_text][nectar_btn size=\u00bbmedium\u00bb open_new_tab=\u00bbtrue\u00bb button_style=\u00bbsee-through-2&#8243; color_override=\u00bb#eaeaea\u00bb hover_color_override=\u00bbrgba(178,165,188,0.33)\u00bb hover_text_color_override=\u00bb#ffffff\u00bb icon_family=\u00bbiconsmind\u00bb text=\u00bbFICHA T\u00c9CNICA\u00bb margin_top=\u00bb40&#8243; css_animation=\u00bbfadeInDown\u00bb icon_iconsmind=\u00bbiconsmind-Project\u00bb url=\u00bbhttps:\/\/zuccardiq.zuccardiwines.com\/wp-content\/uploads\/2021\/11\/FT-Q-CABERNET-SAUVIGNON-2019-ESP-1.pdf\u00bb][\/vc_column_inner][\/vc_row_inner][\/tab][tab icon_family=\u00bbnone\u00bb title=\u00bbTEMPRANILLO\u00bb id=\u00bb1637774003088-8&#8243; tab_id=\u00bb1637774003088-5&#8243;][vc_row_inner equal_height=\u00bbyes\u00bb content_placement=\u00bbmiddle\u00bb column_margin=\u00bbdefault\u00bb column_direction=\u00bbdefault\u00bb column_direction_tablet=\u00bbdefault\u00bb column_direction_phone=\u00bbdefault\u00bb text_align=\u00bbleft\u00bb][vc_column_inner column_padding=\u00bbno-extra-padding\u00bb column_padding_tablet=\u00bbinherit\u00bb column_padding_phone=\u00bbinherit\u00bb column_padding_position=\u00bball\u00bb column_element_spacing=\u00bbdefault\u00bb background_color_opacity=\u00bb1&#8243; background_hover_color_opacity=\u00bb1&#8243; column_shadow=\u00bbnone\u00bb column_border_radius=\u00bbnone\u00bb column_link_target=\u00bb_self\u00bb gradient_direction=\u00bbleft_to_right\u00bb overlay_strength=\u00bb0.3&#8243; width=\u00bb1\/3&#8243; tablet_width_inherit=\u00bbdefault\u00bb bg_image_animation=\u00bbnone\u00bb border_type=\u00bbsimple\u00bb column_border_width=\u00bbnone\u00bb column_border_style=\u00bbsolid\u00bb][image_with_animation image_url=\u00bb68&#8243; animation=\u00bbFade In From Bottom\u00bb hover_animation=\u00bbnone\u00bb alignment=\u00bbcenter\u00bb border_radius=\u00bbnone\u00bb box_shadow=\u00bbnone\u00bb image_loading=\u00bbdefault\u00bb max_width=\u00bb75%\u00bb max_width_mobile=\u00bbdefault\u00bb][\/vc_column_inner][vc_column_inner column_padding=\u00bbno-extra-padding\u00bb column_padding_tablet=\u00bbinherit\u00bb column_padding_phone=\u00bbinherit\u00bb column_padding_position=\u00bball\u00bb column_element_spacing=\u00bbdefault\u00bb background_color_opacity=\u00bb1&#8243; background_hover_color_opacity=\u00bb1&#8243; column_shadow=\u00bbnone\u00bb column_border_radius=\u00bbnone\u00bb column_link_target=\u00bb_self\u00bb gradient_direction=\u00bbleft_to_right\u00bb overlay_strength=\u00bb0.3&#8243; width=\u00bb2\/3&#8243; tablet_width_inherit=\u00bbdefault\u00bb bg_image_animation=\u00bbro-reveal-from-top\u00bb border_type=\u00bbsimple\u00bb column_border_width=\u00bbnone\u00bb column_border_style=\u00bbsolid\u00bb][nectar_gradient_text heading_tag=\u00bbh2&#8243; color=\u00bbextra-color-gradient-1&#8243; gradient_direction=\u00bbhorizontal\u00bb text=\u00bbTEMPRANILLO\u00bb margin_bottom=\u00bb22&#8243;][vc_column_text]\n<h3><em><span style=\"color: #ffffff;\">Zuccardi Q proviene de una selecci\u00f3n de vi\u00f1edos y parcelas de las regiones vitivin\u00edcolas m\u00e1s destacadas de Mendoza.<\/span><\/em><\/h3>\n<h4><span style=\"color: #ffffff;\">Hoy, la tercera generaci\u00f3n de la familia contin\u00faa elaborando este Tempranillo con uvas procedentes de Santa Rosa (620 msnm).<\/span><\/h4>\n<h4><span style=\"color: #ffffff;\">De atractivo color rojo rub\u00ed. Presenta aromas a fruta roja madura y especias. De taninos redondos y bien integrados, buen volumen y final largo. Puede disfrutarse ahora o guardarse por m\u00e1s de 10 a\u00f1os.<\/span><\/h4>\n[\/vc_column_text][nectar_btn size=\u00bbmedium\u00bb open_new_tab=\u00bbtrue\u00bb button_style=\u00bbsee-through-2&#8243; color_override=\u00bb#eaeaea\u00bb hover_color_override=\u00bbrgba(178,165,188,0.33)\u00bb hover_text_color_override=\u00bb#ffffff\u00bb icon_family=\u00bbiconsmind\u00bb text=\u00bbFICHA T\u00c9CNICA\u00bb margin_top=\u00bb40&#8243; css_animation=\u00bbfadeInDown\u00bb icon_iconsmind=\u00bbiconsmind-Project\u00bb url=\u00bbhttps:\/\/zuccardiq.zuccardiwines.com\/wp-content\/uploads\/2021\/11\/FT-Q-TEMPRANILLO-2016-ESP-FINAL-1.pdf\u00bb][\/vc_column_inner][\/vc_row_inner][\/tab][\/tabbed_section][divider line_type=\u00bbNo Line\u00bb custom_height=\u00bb130&#8243;][vc_row_inner column_margin=\u00bbdefault\u00bb column_direction=\u00bbdefault\u00bb column_direction_tablet=\u00bbdefault\u00bb column_direction_phone=\u00bbdefault\u00bb text_align=\u00bbleft\u00bb][vc_column_inner column_padding=\u00bbno-extra-padding\u00bb column_padding_tablet=\u00bbinherit\u00bb column_padding_phone=\u00bbinherit\u00bb column_padding_position=\u00bball\u00bb column_element_spacing=\u00bbdefault\u00bb centered_text=\u00bbtrue\u00bb background_color_opacity=\u00bb0.1&#8243; background_color_hover=\u00bb#b2a5bc\u00bb background_hover_color_opacity=\u00bb0.4&#8243; column_shadow=\u00bbsmall_depth\u00bb column_border_radius=\u00bbnone\u00bb column_link_target=\u00bb_blank\u00bb gradient_direction=\u00bbleft_to_right\u00bb overlay_strength=\u00bb0.3&#8243; width=\u00bb1\/1&#8243; tablet_width_inherit=\u00bbdefault\u00bb bg_image_animation=\u00bbnone\u00bb enable_animation=\u00bbtrue\u00bb animation=\u00bbreveal-from-bottom\u00bb border_type=\u00bbadvanced\u00bb border_top_desktop=\u00bb1&#8243; border_bottom_desktop=\u00bb1&#8243; column_border_color=\u00bb#e5e5e5&#8243; column_border_style=\u00bbsolid\u00bb column_link=\u00bbhttps:\/\/zuccardiq.zuccardiwines.com\/wp-content\/uploads\/2021\/11\/2.-Puntajes_Zuccardi-Q.pdf\u00bb column_link_screen_reader=\u00bbrecognitions\u00bb][image_with_animation image_url=\u00bb158&#8243; animation=\u00bbGrow In\u00bb hover_animation=\u00bbnone\u00bb alignment=\u00bbcenter\u00bb border_radius=\u00bbnone\u00bb box_shadow=\u00bbnone\u00bb image_loading=\u00bbdefault\u00bb max_width=\u00bb50%\u00bb max_width_mobile=\u00bb125%\u00bb margin_top=\u00bb20&#8243; margin_bottom=\u00bb19&#8243; margin_left_phone=\u00bb59&#8243; margin_right_phone=\u00bb71&#8243; margin_left_tablet=\u00bb110&#8243; margin_right_tablet=\u00bb107&#8243; margin_left=\u00bb19&#8243; margin_right=\u00bb19&#8243;][\/vc_column_inner][\/vc_row_inner][\/vc_column][\/vc_row]\n","protected":false},"excerpt":{"rendered":"<p>[vc_row type=\u00bbfull_width_background\u00bb full_screen_row_position=\u00bbmiddle\u00bb column_margin=\u00bbdefault\u00bb column_direction=\u00bbdefault\u00bb column_direction_tablet=\u00bbdefault\u00bb column_direction_phone=\u00bbdefault\u00bb bg_image=\u00bb9&#8243; bg_position=\u00bbleft top\u00bb background_image_loading=\u00bbdefault\u00bb bg_repeat=\u00bbno-repeat\u00bb scene_position=\u00bbcenter\u00bb mouse_sensitivity=\u00bb25&#8243; layer_one_image=\u00bb71&#8243; layer_two_image=\u00bb73&#8243; layer_three_image=\u00bb72&#8243; top_padding=\u00bb80&#8243; bottom_padding=\u00bb150&#8243; text_color=\u00bblight\u00bb text_align=\u00bbleft\u00bb row_border_radius=\u00bbnone\u00bb row_border_radius_applies=\u00bbbg\u00bb overlay_strength=\u00bb0.3&#8243; gradient_direction=\u00bbleft_to_right\u00bb shape_divider_position=\u00bbbottom\u00bb bg_image_animation=\u00bbzoom-out-slow\u00bb parallax_bg=\u00bbtrue\u00bb parallax_bg_speed=\u00bbfixed\u00bb shape_type=\u00bb\u00bb][vc_column&#8230;<\/p>\n","protected":false},"author":1,"featured_media":0,"parent":0,"menu_order":0,"comment_status":"closed","ping_status":"open","template":"","meta":{"footnotes":""},"class_list":["post-133","page","type-page","status-publish"],"_links":{"self":[{"href":"https:\/\/zuccardiq.zuccardiwines.com\/es\/wp-json\/wp\/v2\/pages\/133","targetHints":{"allow":["GET"]}}],"collection":[{"href":"https:\/\/zuccardiq.zuccardiwines.com\/es\/wp-json\/wp\/v2\/pages"}],"about":[{"href":"https:\/\/zuccardiq.zuccardiwines.com\/es\/wp-json\/wp\/v2\/types\/page"}],"author":[{"embeddable":true,"href":"https:\/\/zuccardiq.zuccardiwines.com\/es\/wp-json\/wp\/v2\/users\/1"}],"replies":[{"embeddable":true,"href":"https:\/\/zuccardiq.zuccardiwines.com\/es\/wp-json\/wp\/v2\/comments?post=133"}],"version-history":[{"count":15,"href":"https:\/\/zuccardiq.zuccardiwines.com\/es\/wp-json\/wp\/v2\/pages\/133\/revisions"}],"predecessor-version":[{"id":185,"href":"https:\/\/zuccardiq.zuccardiwines.com\/es\/wp-json\/wp\/v2\/pages\/133\/revisions\/185"}],"wp:attachment":[{"href":"https:\/\/zuccardiq.zuccardiwines.com\/es\/wp-json\/wp\/v2\/media?parent=133"}],"curies":[{"name":"wp","href":"https:\/\/api.w.org\/{rel}","templated":true}]}}